{"id":16342,"date":"2025-03-18T12:11:53","date_gmt":"2025-03-18T12:11:53","guid":{"rendered":"https:\/\/strettodimessina.it\/web\/?page_id=16342"},"modified":"2026-04-09T15:54:35","modified_gmt":"2026-04-09T13:54:35","slug":"news-it","status":"publish","type":"page","link":"https:\/\/strettodimessina.it\/web\/news-it\/","title":{"rendered":"News"},"content":{"rendered":"\t\t<div data-elementor-type=\"wp-post\" data-elementor-id=\"16342\" class=\"elementor elementor-16342\" data-elementor-post-type=\"page\">\n\t\t\t\t<div class=\"elementor-element elementor-element-5a8eddd e-con-full e-flex e-con e-parent\" data-id=\"5a8eddd\" data-element_type=\"container\" data-e-type=\"container\">\n\t\t<div class=\"elementor-element elementor-element-4a5d287 animated-fast e-con-full e-flex e-con e-child\" data-id=\"4a5d287\" data-element_type=\"container\" data-e-type=\"container\" data-settings=\"{&quot;animation&quot;:&quot;none&quot;}\">\n\t\t\t\t<div class=\"elementor-element elementor-element-049529b elementor-widget elementor-widget-html\" data-id=\"049529b\" data-element_type=\"widget\" data-e-type=\"widget\" data-widget_type=\"html.default\">\n\t\t\t\t<div class=\"elementor-widget-container\">\n\t\t\t\t\t\t\t<footer data-elementor-type=\"archive\" data-elementor-id=\"7084\" class=\"elementor elementor-7084\" data-elementor-post-type=\"elementor_library\">\n\t\t\t<div class=\"elementor-element elementor-element-18faba9b e-con-full e-flex e-con e-parent\" data-id=\"18faba9b\" data-element_type=\"container\" data-e-type=\"container\" data-settings=\"{&quot;background_background&quot;:&quot;classic&quot;}\">\n\t\t<div class=\"elementor-element elementor-element-48aeb888 e-con-full e-flex e-con e-child\" data-id=\"48aeb888\" data-element_type=\"container\" data-e-type=\"container\" data-settings=\"{&quot;background_background&quot;:&quot;classic&quot;}\">\n\t\t\t\t<div class=\"elementor-element elementor-element-682a3ce1 elementor-heading__align-center elementor-widget elementor-widget-heading\" data-id=\"682a3ce1\" data-element_type=\"widget\" data-e-type=\"widget\" data-widget_type=\"heading.default\">\n\t\t\t\t<div class=\"elementor-widget-container\">\n\t\t\t\t\t<h1 class=\"elementor-heading-title elementor-size-default\">NEWS<\/h1>\t\t\t\t<\/div>\n\t\t\t\t<\/div>\n\t\t\t\t<div class=\"elementor-element elementor-element-59666db5 elementor-widget__width-inherit elementor-widget elementor-widget-text-editor\" data-id=\"59666db5\" data-element_type=\"widget\" data-e-type=\"widget\" data-widget_type=\"text-editor.default\">\n\t\t\t\t<div class=\"elementor-widget-container\">\n\t\t\t\t\t\t\t\t\t<p>In questa sezione \u00e8 possibile consultare le pubblicazioni, gli articoli e i comunicati dedicati al progetto dello Stretto di Messina.<\/p>\t\t\t\t\t\t\t\t<\/div>\n\t\t\t\t<\/div>\n\t\t\t\t<\/div>\n\t\t\t\t<\/div>\n\t\t<div class=\"elementor-element elementor-element-25ccf07 e-con-full e-flex e-con e-parent\" data-id=\"25ccf07\" data-element_type=\"container\" data-e-type=\"container\" data-settings=\"{&quot;background_background&quot;:&quot;classic&quot;}\">\n\t\t<div class=\"elementor-element elementor-element-5cefc9c e-con-full e-flex e-con e-child\" data-id=\"5cefc9c\" data-element_type=\"container\" data-e-type=\"container\" data-settings=\"{&quot;background_background&quot;:&quot;classic&quot;}\">\n\t\t\t\t<div class=\"elementor-element elementor-element-a1f19e3 elementor-grid-2 elementor-grid-tablet-1 elementor-grid-mobile-1 elementor-widget elementor-widget-loop-grid\" data-id=\"a1f19e3\" data-element_type=\"widget\" data-e-type=\"widget\" data-settings=\"{&quot;template_id&quot;:20820,&quot;columns&quot;:2,&quot;pagination_type&quot;:&quot;numbers&quot;,&quot;columns_tablet&quot;:1,&quot;_skin&quot;:&quot;post&quot;,&quot;columns_mobile&quot;:&quot;1&quot;,&quot;edit_handle_selector&quot;:&quot;[data-elementor-type=\\&quot;loop-item\\&quot;]&quot;,&quot;pagination_load_type&quot;:&quot;page_reload&quot;,&quot;row_gap&quot;:{&quot;unit&quot;:&quot;px&quot;,&quot;size&quot;:&quot;&quot;,&quot;sizes&quot;:[]},&quot;row_gap_tablet&quot;:{&quot;unit&quot;:&quot;px&quot;,&quot;size&quot;:&quot;&quot;,&quot;sizes&quot;:[]},&quot;row_gap_mobile&quot;:{&quot;unit&quot;:&quot;px&quot;,&quot;size&quot;:&quot;&quot;,&quot;sizes&quot;:[]}}\" data-widget_type=\"loop-grid.post\">\n\t\t\t\t<div class=\"elementor-widget-container\">\n\t\t\t\t\t\t\t<div class=\"elementor-loop-container elementor-grid\" role=\"list\">\n\t\t<style id=\"loop-20820\">.elementor-20820 .elementor-element.elementor-element-a7202fd{--display:flex;--min-height:450px;--flex-direction:column;--container-widget-width:calc( ( 1 - var( --container-widget-flex-grow ) ) * 100% );--container-widget-height:initial;--container-widget-flex-grow:0;--container-widget-align-self:initial;--flex-wrap-mobile:wrap;--justify-content:flex-start;--align-items:stretch;--gap:0px 16px;--row-gap:0px;--column-gap:16px;--border-radius:0px 0px 0px 0px;box-shadow:0px 0px 10px 0px rgba(0,0,0,0.5);--padding-top:0px;--padding-bottom:0px;--padding-left:0px;--padding-right:0px;}.elementor-widget-theme-post-featured-image .widget-image-caption{color:var( --e-global-color-text );font-family:var( --e-global-typography-text-font-family ), Sans-serif;font-weight:var( --e-global-typography-text-font-weight );}.elementor-20820 .elementor-element.elementor-element-d657ef1 img{border-radius:0px 0px 0px 0px;}.elementor-20820 .elementor-element.elementor-element-07556b3{--display:flex;--flex-direction:column;--container-widget-width:100%;--container-widget-height:initial;--container-widget-flex-grow:0;--container-widget-align-self:initial;--flex-wrap-mobile:wrap;--justify-content:flex-start;--gap:0px 6px;--row-gap:0px;--column-gap:6px;--margin-top:20px;--margin-bottom:0px;--margin-left:0px;--margin-right:0px;--padding-top:0px;--padding-bottom:0px;--padding-left:30px;--padding-right:30px;}.elementor-20820 .elementor-element.elementor-element-07556b3.e-con{--align-self:flex-start;}.elementor-20820 .elementor-element.elementor-element-82516f3{--display:flex;--flex-direction:row;--container-widget-width:initial;--container-widget-height:100%;--container-widget-flex-grow:1;--container-widget-align-self:stretch;--flex-wrap-mobile:wrap;--justify-content:flex-start;--gap:0px 6px;--row-gap:0px;--column-gap:6px;--margin-top:0px;--margin-bottom:0px;--margin-left:0px;--margin-right:0px;--padding-top:0px;--padding-bottom:0px;--padding-left:0px;--padding-right:0px;}.elementor-20820 .elementor-element.elementor-element-82516f3.e-con{--align-self:flex-start;}.elementor-widget-post-info .elementor-icon-list-item:not(:last-child):after{border-color:var( --e-global-color-text );}.elementor-widget-post-info .elementor-icon-list-icon i{color:var( --e-global-color-primary );}.elementor-widget-post-info .elementor-icon-list-icon svg{fill:var( --e-global-color-primary );}.elementor-widget-post-info .elementor-icon-list-text, .elementor-widget-post-info .elementor-icon-list-text a{color:var( --e-global-color-secondary );}.elementor-widget-post-info .elementor-icon-list-item{font-family:var( --e-global-typography-text-font-family ), Sans-serif;font-weight:var( --e-global-typography-text-font-weight );}.elementor-20820 .elementor-element.elementor-element-34217d0 .elementor-icon-list-icon{width:14px;}.elementor-20820 .elementor-element.elementor-element-34217d0 .elementor-icon-list-icon i{font-size:14px;}.elementor-20820 .elementor-element.elementor-element-34217d0 .elementor-icon-list-icon svg{--e-icon-list-icon-size:14px;}.elementor-20820 .elementor-element.elementor-element-34217d0 .elementor-icon-list-text, .elementor-20820 .elementor-element.elementor-element-34217d0 .elementor-icon-list-text a{color:#FFFFFF;}.elementor-20820 .elementor-element.elementor-element-34217d0 .elementor-icon-list-item{font-family:\"Open Sans\", Sans-serif;font-size:12px;font-weight:700;text-transform:uppercase;font-style:normal;text-decoration:none;}.elementor-20820 .elementor-element.elementor-element-34217d0 > .elementor-widget-container{margin:0px 0px 0px 0px;padding:4px 12px 0px 12px;background-color:#4F618C;border-radius:30px 30px 30px 30px;}.elementor-20820 .elementor-element.elementor-element-796e160 .elementor-icon-list-icon{width:14px;}.elementor-20820 .elementor-element.elementor-element-796e160 .elementor-icon-list-icon i{font-size:14px;}.elementor-20820 .elementor-element.elementor-element-796e160 .elementor-icon-list-icon svg{--e-icon-list-icon-size:14px;}.elementor-20820 .elementor-element.elementor-element-796e160 .elementor-icon-list-text, .elementor-20820 .elementor-element.elementor-element-796e160 .elementor-icon-list-text a{color:#4F618C;}.elementor-20820 .elementor-element.elementor-element-796e160 .elementor-icon-list-item{font-family:\"Open Sans\", Sans-serif;font-size:14px;font-weight:700;text-transform:uppercase;font-style:normal;text-decoration:none;}.elementor-20820 .elementor-element.elementor-element-796e160 > .elementor-widget-container{margin:0px 0px 0px 0px;padding:3px 12px 2px 12px;border-radius:30px 30px 30px 30px;}.elementor-20820 .elementor-element.elementor-element-60b37f0{--display:flex;--padding-top:20px;--padding-bottom:10px;--padding-left:30px;--padding-right:30px;}.elementor-widget-theme-post-title .elementor-heading-title{font-family:var( --e-global-typography-primary-font-family ), Sans-serif;font-weight:var( --e-global-typography-primary-font-weight );color:var( --e-global-color-primary );}.elementor-20820 .elementor-element.elementor-element-a941ff2 .elementor-heading-title{font-family:\"Open Sans\", Sans-serif;font-size:18px;font-weight:500;text-transform:uppercase;font-style:normal;line-height:1.1em;letter-spacing:0px;color:#4F618C;}.elementor-20820 .elementor-element.elementor-element-a941ff2 > .elementor-widget-container{margin:0px 0px 0px 0px;padding:0px 0px 0px 0px;}.elementor-widget-theme-post-excerpt .elementor-widget-container{font-family:var( --e-global-typography-text-font-family ), Sans-serif;font-weight:var( --e-global-typography-text-font-weight );color:var( --e-global-color-text );}.elementor-20820 .elementor-element.elementor-element-5ed947c .elementor-widget-container{font-family:\"Open Sans\", Sans-serif;font-size:16px;font-weight:300;text-transform:none;font-style:normal;text-decoration:none;line-height:1.5em;color:#2C2C2C;}.elementor-20820 .elementor-element.elementor-element-5ed947c > .elementor-widget-container{padding:0px 0px 25px 0px;}@media(max-width:767px){.elementor-20820 .elementor-element.elementor-element-a7202fd{--gap:12px 12px;--row-gap:12px;--column-gap:12px;}}\/* Start custom CSS for theme-post-title, class: .elementor-element-a941ff2 *\/display: -webkit-box;\n-webkit-line-clamp: 2;\n-webkit-box-orient: vertical;\noverflow: hidden;\/* End custom CSS *\/\n\/* Start custom CSS for container, class: .elementor-element-60b37f0 *\/.card-footer {\n  margin-top: auto;\n}\/* End custom CSS *\/\n\/* Start custom CSS for container, class: .elementor-element-a7202fd *\/.elementor-20820 .elementor-element.elementor-element-a7202fd {\n  background: #fff;\n  transition: all .3s ease;\n}\n.elementor-20820 .elementor-element.elementor-element-a7202fd:hover {\n  transform: translateY(-6px);\n  box-shadow: 0 14px 32px rgba(0,0,0,.12);\n}\n.elementor-20820 .elementor-element.elementor-element-a7202fd {\n  min-height: 100%;\n}\nfooter .elementor a {\n    font-weight: 600 !important;\n}\/* End custom CSS *\/<\/style>\t\t<div data-elementor-type=\"loop-item\" data-elementor-id=\"20820\" class=\"elementor elementor-20820 e-loop-item e-loop-item-24809 post-24809 post type-post status-publish format-standard has-post-thumbnail hentry category-comunicati\" data-elementor-post-type=\"elementor_library\" data-custom-edit-handle=\"1\">\n\t\t\t<div class=\"elementor-element elementor-element-a7202fd e-con-full e-flex e-con e-parent\" data-id=\"a7202fd\" data-element_type=\"container\" data-e-type=\"container\">\n\t\t\t\t<div class=\"elementor-element elementor-element-d657ef1 elementor-widget elementor-widget-theme-post-featured-image elementor-widget-image\" data-id=\"d657ef1\" data-element_type=\"widget\" data-e-type=\"widget\" data-widget_type=\"theme-post-featured-image.default\">\n\t\t\t\t<div class=\"elementor-widget-container\">\n\t\t\t\t\t\t\t\t\t\t\t\t\t\t\t\t<a href=\"https:\/\/strettodimessina.it\/web\/audizione-dellad-stretto-di-messina-pietro-ciucci-in-senato-sul-dl-n-32-commissari-straordinari-e-concessioni\/\">\n\t\t\t\t\t\t\t<img loading=\"lazy\" decoding=\"async\" width=\"600\" height=\"368\" src=\"https:\/\/strettodimessina.it\/web\/wp-content\/uploads\/2026\/03\/cover-news25-03.jpg\" class=\"attachment-large size-large wp-image-24811\" alt=\"\" srcset=\"https:\/\/strettodimessina.it\/web\/wp-content\/uploads\/2026\/03\/cover-news25-03.jpg 800w, https:\/\/strettodimessina.it\/web\/wp-content\/uploads\/2026\/03\/cover-news25-03-300x184.jpg 300w, https:\/\/strettodimessina.it\/web\/wp-content\/uploads\/2026\/03\/cover-news25-03-768x470.jpg 768w, https:\/\/strettodimessina.it\/web\/wp-content\/uploads\/2026\/03\/cover-news25-03-18x12.jpg 18w, https:\/\/strettodimessina.it\/web\/wp-content\/uploads\/2026\/03\/cover-news25-03-400x245.jpg 400w, https:\/\/strettodimessina.it\/web\/wp-content\/uploads\/2026\/03\/cover-news25-03-600x368.jpg 600w\" sizes=\"auto, (max-width: 600px) 100vw, 600px\" \/>\t\t\t\t\t\t\t\t<\/a>\n\t\t\t\t\t\t\t\t\t\t\t\t\t\t\t<\/div>\n\t\t\t\t<\/div>\n\t\t<div class=\"elementor-element elementor-element-07556b3 e-con-full e-flex e-con e-child\" data-id=\"07556b3\" data-element_type=\"container\" data-e-type=\"container\">\n\t\t<div class=\"elementor-element elementor-element-82516f3 e-con-full card-footer e-flex e-con e-child\" data-id=\"82516f3\" data-element_type=\"container\" data-e-type=\"container\">\n\t\t\t\t<div class=\"elementor-element elementor-element-34217d0 elementor-widget elementor-widget-post-info\" data-id=\"34217d0\" data-element_type=\"widget\" data-e-type=\"widget\" data-widget_type=\"post-info.default\">\n\t\t\t\t<div class=\"elementor-widget-container\">\n\t\t\t\t\t\t\t<ul class=\"elementor-inline-items elementor-icon-list-items elementor-post-info\">\n\t\t\t\t\t\t\t\t<li class=\"elementor-icon-list-item elementor-repeater-item-dc90c6c elementor-inline-item\" itemprop=\"about\">\n\t\t\t\t\t\t\t\t\t\t\t\t\t<span class=\"elementor-icon-list-text elementor-post-info__item elementor-post-info__item--type-terms\">\n\t\t\t\t\t\t\t\t\t\t<span class=\"elementor-post-info__terms-list\">\n\t\t\t\t<a href=\"https:\/\/strettodimessina.it\/web\/category\/comunicati\/\" class=\"elementor-post-info__terms-list-item\">Comunicati<\/a>\t\t\t\t<\/span>\n\t\t\t\t\t<\/span>\n\t\t\t\t\t\t\t\t<\/li>\n\t\t\t\t<\/ul>\n\t\t\t\t\t\t<\/div>\n\t\t\t\t<\/div>\n\t\t\t\t<div class=\"elementor-element elementor-element-796e160 elementor-widget elementor-widget-post-info\" data-id=\"796e160\" data-element_type=\"widget\" data-e-type=\"widget\" data-widget_type=\"post-info.default\">\n\t\t\t\t<div class=\"elementor-widget-container\">\n\t\t\t\t\t\t\t<ul class=\"elementor-inline-items elementor-icon-list-items elementor-post-info\">\n\t\t\t\t\t\t\t\t<li class=\"elementor-icon-list-item elementor-repeater-item-237fc2f elementor-inline-item\" itemprop=\"datePublished\">\n\t\t\t\t\t\t<a href=\"https:\/\/strettodimessina.it\/web\/2026\/03\/25\/\">\n\t\t\t\t\t\t\t\t\t\t\t\t\t\t<span class=\"elementor-icon-list-text elementor-post-info__item elementor-post-info__item--type-date\">\n\t\t\t\t\t\t\t\t\t\t<time>25 Marzo, 2026<\/time>\t\t\t\t\t<\/span>\n\t\t\t\t\t\t\t\t\t<\/a>\n\t\t\t\t<\/li>\n\t\t\t\t<\/ul>\n\t\t\t\t\t\t<\/div>\n\t\t\t\t<\/div>\n\t\t\t\t<\/div>\n\t\t\t\t<\/div>\n\t\t<div class=\"elementor-element elementor-element-60b37f0 e-con-full card-footer e-flex e-con e-child\" data-id=\"60b37f0\" data-element_type=\"container\" data-e-type=\"container\">\n\t\t\t\t<div class=\"elementor-element elementor-element-a941ff2 elementor-widget elementor-widget-theme-post-title elementor-page-title elementor-widget-heading\" data-id=\"a941ff2\" data-element_type=\"widget\" data-e-type=\"widget\" data-widget_type=\"theme-post-title.default\">\n\t\t\t\t<div class=\"elementor-widget-container\">\n\t\t\t\t\t<h3 class=\"elementor-heading-title elementor-size-default\"><a href=\"https:\/\/strettodimessina.it\/web\/audizione-dellad-stretto-di-messina-pietro-ciucci-in-senato-sul-dl-n-32-commissari-straordinari-e-concessioni\/\">AUDIZIONE DELL\u2019AD STRETTO DI MESSINA PIETRO CIUCCI IN SENATO SUL DL N. 32 &#8211; COMMISSARI STRAORDINARI E CONCESSIONI<\/a><\/h3>\t\t\t\t<\/div>\n\t\t\t\t<\/div>\n\t\t\t\t<div class=\"elementor-element elementor-element-5ed947c elementor-widget elementor-widget-theme-post-excerpt\" data-id=\"5ed947c\" data-element_type=\"widget\" data-e-type=\"widget\" data-widget_type=\"theme-post-excerpt.default\">\n\t\t\t\t<div class=\"elementor-widget-container\">\n\t\t\t\t\tIl Decreto Legge dell\u201911 marzo ribadisce la volont\u00e0 del Governo di realizzare l\u2019opera, conferma la completa copertura finanziaria della stessa, rimodulando gli importi...\t\t\t\t<\/div>\n\t\t\t\t<\/div>\n\t\t\t\t<\/div>\n\t\t\t\t<\/div>\n\t\t\t\t<\/div>\n\t\t\t\t<div data-elementor-type=\"loop-item\" data-elementor-id=\"20820\" class=\"elementor elementor-20820 e-loop-item e-loop-item-23683 post-23683 post type-post status-publish format-standard has-post-thumbnail hentry category-comunicati\" data-elementor-post-type=\"elementor_library\" data-custom-edit-handle=\"1\">\n\t\t\t<div class=\"elementor-element elementor-element-a7202fd e-con-full e-flex e-con e-parent\" data-id=\"a7202fd\" data-element_type=\"container\" data-e-type=\"container\">\n\t\t\t\t<div class=\"elementor-element elementor-element-d657ef1 elementor-widget elementor-widget-theme-post-featured-image elementor-widget-image\" data-id=\"d657ef1\" data-element_type=\"widget\" data-e-type=\"widget\" data-widget_type=\"theme-post-featured-image.default\">\n\t\t\t\t<div class=\"elementor-widget-container\">\n\t\t\t\t\t\t\t\t\t\t\t\t\t\t\t\t<a href=\"https:\/\/strettodimessina.it\/web\/ponte-stretto-tar-respinge-ricorsi-ambientalisti-e-comuni-di-villa-e-reggio\/\">\n\t\t\t\t\t\t\t<img loading=\"lazy\" decoding=\"async\" width=\"600\" height=\"368\" src=\"https:\/\/strettodimessina.it\/web\/wp-content\/uploads\/2026\/03\/NEWS-TAR-1803b.jpg\" class=\"attachment-large size-large wp-image-23689\" alt=\"\" srcset=\"https:\/\/strettodimessina.it\/web\/wp-content\/uploads\/2026\/03\/NEWS-TAR-1803b.jpg 800w, https:\/\/strettodimessina.it\/web\/wp-content\/uploads\/2026\/03\/NEWS-TAR-1803b-300x184.jpg 300w, https:\/\/strettodimessina.it\/web\/wp-content\/uploads\/2026\/03\/NEWS-TAR-1803b-768x470.jpg 768w, https:\/\/strettodimessina.it\/web\/wp-content\/uploads\/2026\/03\/NEWS-TAR-1803b-18x12.jpg 18w, https:\/\/strettodimessina.it\/web\/wp-content\/uploads\/2026\/03\/NEWS-TAR-1803b-400x245.jpg 400w, https:\/\/strettodimessina.it\/web\/wp-content\/uploads\/2026\/03\/NEWS-TAR-1803b-600x368.jpg 600w\" sizes=\"auto, (max-width: 600px) 100vw, 600px\" \/>\t\t\t\t\t\t\t\t<\/a>\n\t\t\t\t\t\t\t\t\t\t\t\t\t\t\t<\/div>\n\t\t\t\t<\/div>\n\t\t<div class=\"elementor-element elementor-element-07556b3 e-con-full e-flex e-con e-child\" data-id=\"07556b3\" data-element_type=\"container\" data-e-type=\"container\">\n\t\t<div class=\"elementor-element elementor-element-82516f3 e-con-full card-footer e-flex e-con e-child\" data-id=\"82516f3\" data-element_type=\"container\" data-e-type=\"container\">\n\t\t\t\t<div class=\"elementor-element elementor-element-34217d0 elementor-widget elementor-widget-post-info\" data-id=\"34217d0\" data-element_type=\"widget\" data-e-type=\"widget\" data-widget_type=\"post-info.default\">\n\t\t\t\t<div class=\"elementor-widget-container\">\n\t\t\t\t\t\t\t<ul class=\"elementor-inline-items elementor-icon-list-items elementor-post-info\">\n\t\t\t\t\t\t\t\t<li class=\"elementor-icon-list-item elementor-repeater-item-dc90c6c elementor-inline-item\" itemprop=\"about\">\n\t\t\t\t\t\t\t\t\t\t\t\t\t<span class=\"elementor-icon-list-text elementor-post-info__item elementor-post-info__item--type-terms\">\n\t\t\t\t\t\t\t\t\t\t<span class=\"elementor-post-info__terms-list\">\n\t\t\t\t<a href=\"https:\/\/strettodimessina.it\/web\/category\/comunicati\/\" class=\"elementor-post-info__terms-list-item\">Comunicati<\/a>\t\t\t\t<\/span>\n\t\t\t\t\t<\/span>\n\t\t\t\t\t\t\t\t<\/li>\n\t\t\t\t<\/ul>\n\t\t\t\t\t\t<\/div>\n\t\t\t\t<\/div>\n\t\t\t\t<div class=\"elementor-element elementor-element-796e160 elementor-widget elementor-widget-post-info\" data-id=\"796e160\" data-element_type=\"widget\" data-e-type=\"widget\" data-widget_type=\"post-info.default\">\n\t\t\t\t<div class=\"elementor-widget-container\">\n\t\t\t\t\t\t\t<ul class=\"elementor-inline-items elementor-icon-list-items elementor-post-info\">\n\t\t\t\t\t\t\t\t<li class=\"elementor-icon-list-item elementor-repeater-item-237fc2f elementor-inline-item\" itemprop=\"datePublished\">\n\t\t\t\t\t\t<a href=\"https:\/\/strettodimessina.it\/web\/2026\/03\/19\/\">\n\t\t\t\t\t\t\t\t\t\t\t\t\t\t<span class=\"elementor-icon-list-text elementor-post-info__item elementor-post-info__item--type-date\">\n\t\t\t\t\t\t\t\t\t\t<time>19 Marzo, 2026<\/time>\t\t\t\t\t<\/span>\n\t\t\t\t\t\t\t\t\t<\/a>\n\t\t\t\t<\/li>\n\t\t\t\t<\/ul>\n\t\t\t\t\t\t<\/div>\n\t\t\t\t<\/div>\n\t\t\t\t<\/div>\n\t\t\t\t<\/div>\n\t\t<div class=\"elementor-element elementor-element-60b37f0 e-con-full card-footer e-flex e-con e-child\" data-id=\"60b37f0\" data-element_type=\"container\" data-e-type=\"container\">\n\t\t\t\t<div class=\"elementor-element elementor-element-a941ff2 elementor-widget elementor-widget-theme-post-title elementor-page-title elementor-widget-heading\" data-id=\"a941ff2\" data-element_type=\"widget\" data-e-type=\"widget\" data-widget_type=\"theme-post-title.default\">\n\t\t\t\t<div class=\"elementor-widget-container\">\n\t\t\t\t\t<h3 class=\"elementor-heading-title elementor-size-default\"><a href=\"https:\/\/strettodimessina.it\/web\/ponte-stretto-tar-respinge-ricorsi-ambientalisti-e-comuni-di-villa-e-reggio\/\">PONTE STRETTO: TAR RESPINGE RICORSI AMBIENTALISTI E COMUNI DI VILLA E REGGIO<\/a><\/h3>\t\t\t\t<\/div>\n\t\t\t\t<\/div>\n\t\t\t\t<div class=\"elementor-element elementor-element-5ed947c elementor-widget elementor-widget-theme-post-excerpt\" data-id=\"5ed947c\" data-element_type=\"widget\" data-e-type=\"widget\" data-widget_type=\"theme-post-excerpt.default\">\n\t\t\t\t<div class=\"elementor-widget-container\">\n\t\t\t\t\tOggi il TAR del Lazio ha dichiarato l\u2019inammissibilit\u00e0 dei ricorsi presentati a fine dicembre 2024 dal Comune di Villa San Giovanni e dalla Citt\u00e0 Metropolitana di Reggio Calabria, e...\t\t\t\t<\/div>\n\t\t\t\t<\/div>\n\t\t\t\t<\/div>\n\t\t\t\t<\/div>\n\t\t\t\t<\/div>\n\t\t\t\t<div data-elementor-type=\"loop-item\" data-elementor-id=\"20820\" class=\"elementor elementor-20820 e-loop-item e-loop-item-21153 post-21153 post type-post status-publish format-standard has-post-thumbnail hentry category-comunicati\" data-elementor-post-type=\"elementor_library\" data-custom-edit-handle=\"1\">\n\t\t\t<div class=\"elementor-element elementor-element-a7202fd e-con-full e-flex e-con e-parent\" data-id=\"a7202fd\" data-element_type=\"container\" data-e-type=\"container\">\n\t\t\t\t<div class=\"elementor-element elementor-element-d657ef1 elementor-widget elementor-widget-theme-post-featured-image elementor-widget-image\" data-id=\"d657ef1\" data-element_type=\"widget\" data-e-type=\"widget\" data-widget_type=\"theme-post-featured-image.default\">\n\t\t\t\t<div class=\"elementor-widget-container\">\n\t\t\t\t\t\t\t\t\t\t\t\t\t\t\t\t<a href=\"https:\/\/strettodimessina.it\/web\/ponte-stretto-presidente-recchi-senza-infrastrutture-moderne-ed-efficienti-il-paese-non-puo-essere-competitivo\/\">\n\t\t\t\t\t\t\t<img loading=\"lazy\" decoding=\"async\" width=\"600\" height=\"368\" src=\"https:\/\/strettodimessina.it\/web\/wp-content\/uploads\/2026\/02\/news-11.02.jpg\" class=\"attachment-large size-large wp-image-21155\" alt=\"\" srcset=\"https:\/\/strettodimessina.it\/web\/wp-content\/uploads\/2026\/02\/news-11.02.jpg 800w, https:\/\/strettodimessina.it\/web\/wp-content\/uploads\/2026\/02\/news-11.02-300x184.jpg 300w, https:\/\/strettodimessina.it\/web\/wp-content\/uploads\/2026\/02\/news-11.02-768x470.jpg 768w, https:\/\/strettodimessina.it\/web\/wp-content\/uploads\/2026\/02\/news-11.02-18x12.jpg 18w, https:\/\/strettodimessina.it\/web\/wp-content\/uploads\/2026\/02\/news-11.02-400x245.jpg 400w, https:\/\/strettodimessina.it\/web\/wp-content\/uploads\/2026\/02\/news-11.02-600x368.jpg 600w\" sizes=\"auto, (max-width: 600px) 100vw, 600px\" \/>\t\t\t\t\t\t\t\t<\/a>\n\t\t\t\t\t\t\t\t\t\t\t\t\t\t\t<\/div>\n\t\t\t\t<\/div>\n\t\t<div class=\"elementor-element elementor-element-07556b3 e-con-full e-flex e-con e-child\" data-id=\"07556b3\" data-element_type=\"container\" data-e-type=\"container\">\n\t\t<div class=\"elementor-element elementor-element-82516f3 e-con-full card-footer e-flex e-con e-child\" data-id=\"82516f3\" data-element_type=\"container\" data-e-type=\"container\">\n\t\t\t\t<div class=\"elementor-element elementor-element-34217d0 elementor-widget elementor-widget-post-info\" data-id=\"34217d0\" data-element_type=\"widget\" data-e-type=\"widget\" data-widget_type=\"post-info.default\">\n\t\t\t\t<div class=\"elementor-widget-container\">\n\t\t\t\t\t\t\t<ul class=\"elementor-inline-items elementor-icon-list-items elementor-post-info\">\n\t\t\t\t\t\t\t\t<li class=\"elementor-icon-list-item elementor-repeater-item-dc90c6c elementor-inline-item\" itemprop=\"about\">\n\t\t\t\t\t\t\t\t\t\t\t\t\t<span class=\"elementor-icon-list-text elementor-post-info__item elementor-post-info__item--type-terms\">\n\t\t\t\t\t\t\t\t\t\t<span class=\"elementor-post-info__terms-list\">\n\t\t\t\t<a href=\"https:\/\/strettodimessina.it\/web\/category\/comunicati\/\" class=\"elementor-post-info__terms-list-item\">Comunicati<\/a>\t\t\t\t<\/span>\n\t\t\t\t\t<\/span>\n\t\t\t\t\t\t\t\t<\/li>\n\t\t\t\t<\/ul>\n\t\t\t\t\t\t<\/div>\n\t\t\t\t<\/div>\n\t\t\t\t<div class=\"elementor-element elementor-element-796e160 elementor-widget elementor-widget-post-info\" data-id=\"796e160\" data-element_type=\"widget\" data-e-type=\"widget\" data-widget_type=\"post-info.default\">\n\t\t\t\t<div class=\"elementor-widget-container\">\n\t\t\t\t\t\t\t<ul class=\"elementor-inline-items elementor-icon-list-items elementor-post-info\">\n\t\t\t\t\t\t\t\t<li class=\"elementor-icon-list-item elementor-repeater-item-237fc2f elementor-inline-item\" itemprop=\"datePublished\">\n\t\t\t\t\t\t<a href=\"https:\/\/strettodimessina.it\/web\/2026\/02\/12\/\">\n\t\t\t\t\t\t\t\t\t\t\t\t\t\t<span class=\"elementor-icon-list-text elementor-post-info__item elementor-post-info__item--type-date\">\n\t\t\t\t\t\t\t\t\t\t<time>12 Febbraio, 2026<\/time>\t\t\t\t\t<\/span>\n\t\t\t\t\t\t\t\t\t<\/a>\n\t\t\t\t<\/li>\n\t\t\t\t<\/ul>\n\t\t\t\t\t\t<\/div>\n\t\t\t\t<\/div>\n\t\t\t\t<\/div>\n\t\t\t\t<\/div>\n\t\t<div class=\"elementor-element elementor-element-60b37f0 e-con-full card-footer e-flex e-con e-child\" data-id=\"60b37f0\" data-element_type=\"container\" data-e-type=\"container\">\n\t\t\t\t<div class=\"elementor-element elementor-element-a941ff2 elementor-widget elementor-widget-theme-post-title elementor-page-title elementor-widget-heading\" data-id=\"a941ff2\" data-element_type=\"widget\" data-e-type=\"widget\" data-widget_type=\"theme-post-title.default\">\n\t\t\t\t<div class=\"elementor-widget-container\">\n\t\t\t\t\t<h3 class=\"elementor-heading-title elementor-size-default\"><a href=\"https:\/\/strettodimessina.it\/web\/ponte-stretto-presidente-recchi-senza-infrastrutture-moderne-ed-efficienti-il-paese-non-puo-essere-competitivo\/\">PONTE STRETTO, PRESIDENTE RECCHI: \u201cSENZA INFRASTRUTTURE MODERNE ED EFFICIENTI, IL PAESE NON PU\u00d2 ESSERE COMPETITIVO\u201d<\/a><\/h3>\t\t\t\t<\/div>\n\t\t\t\t<\/div>\n\t\t\t\t<div class=\"elementor-element elementor-element-5ed947c elementor-widget elementor-widget-theme-post-excerpt\" data-id=\"5ed947c\" data-element_type=\"widget\" data-e-type=\"widget\" data-widget_type=\"theme-post-excerpt.default\">\n\t\t\t\t<div class=\"elementor-widget-container\">\n\t\t\t\t\t\u201cSenza infrastrutture moderne ed efficienti, il Paese non pu\u00f2 essere competitivo. Il progetto del Ponte sullo Stretto di Messina ha superato numerosi e rigorosi vagli tecnici, aggiornando...\t\t\t\t<\/div>\n\t\t\t\t<\/div>\n\t\t\t\t<\/div>\n\t\t\t\t<\/div>\n\t\t\t\t<\/div>\n\t\t\t\t<div data-elementor-type=\"loop-item\" data-elementor-id=\"20820\" class=\"elementor elementor-20820 e-loop-item e-loop-item-21141 post-21141 post type-post status-publish format-standard has-post-thumbnail hentry category-comunicati\" data-elementor-post-type=\"elementor_library\" data-custom-edit-handle=\"1\">\n\t\t\t<div class=\"elementor-element elementor-element-a7202fd e-con-full e-flex e-con e-parent\" data-id=\"a7202fd\" data-element_type=\"container\" data-e-type=\"container\">\n\t\t\t\t<div class=\"elementor-element elementor-element-d657ef1 elementor-widget elementor-widget-theme-post-featured-image elementor-widget-image\" data-id=\"d657ef1\" data-element_type=\"widget\" data-e-type=\"widget\" data-widget_type=\"theme-post-featured-image.default\">\n\t\t\t\t<div class=\"elementor-widget-container\">\n\t\t\t\t\t\t\t\t\t\t\t\t\t\t\t\t<a href=\"https:\/\/strettodimessina.it\/web\/ponte-stretto-ad-ciucci-massimo-rispetto-per-la-corte-dei-conti\/\">\n\t\t\t\t\t\t\t<img loading=\"lazy\" decoding=\"async\" width=\"600\" height=\"368\" src=\"https:\/\/strettodimessina.it\/web\/wp-content\/uploads\/2026\/02\/SITO-SDM-20.png\" class=\"attachment-large size-large wp-image-21143\" alt=\"\" srcset=\"https:\/\/strettodimessina.it\/web\/wp-content\/uploads\/2026\/02\/SITO-SDM-20.png 800w, https:\/\/strettodimessina.it\/web\/wp-content\/uploads\/2026\/02\/SITO-SDM-20-300x184.png 300w, https:\/\/strettodimessina.it\/web\/wp-content\/uploads\/2026\/02\/SITO-SDM-20-768x470.png 768w, https:\/\/strettodimessina.it\/web\/wp-content\/uploads\/2026\/02\/SITO-SDM-20-18x12.png 18w, https:\/\/strettodimessina.it\/web\/wp-content\/uploads\/2026\/02\/SITO-SDM-20-400x245.png 400w, https:\/\/strettodimessina.it\/web\/wp-content\/uploads\/2026\/02\/SITO-SDM-20-600x368.png 600w\" sizes=\"auto, (max-width: 600px) 100vw, 600px\" \/>\t\t\t\t\t\t\t\t<\/a>\n\t\t\t\t\t\t\t\t\t\t\t\t\t\t\t<\/div>\n\t\t\t\t<\/div>\n\t\t<div class=\"elementor-element elementor-element-07556b3 e-con-full e-flex e-con e-child\" data-id=\"07556b3\" data-element_type=\"container\" data-e-type=\"container\">\n\t\t<div class=\"elementor-element elementor-element-82516f3 e-con-full card-footer e-flex e-con e-child\" data-id=\"82516f3\" data-element_type=\"container\" data-e-type=\"container\">\n\t\t\t\t<div class=\"elementor-element elementor-element-34217d0 elementor-widget elementor-widget-post-info\" data-id=\"34217d0\" data-element_type=\"widget\" data-e-type=\"widget\" data-widget_type=\"post-info.default\">\n\t\t\t\t<div class=\"elementor-widget-container\">\n\t\t\t\t\t\t\t<ul class=\"elementor-inline-items elementor-icon-list-items elementor-post-info\">\n\t\t\t\t\t\t\t\t<li class=\"elementor-icon-list-item elementor-repeater-item-dc90c6c elementor-inline-item\" itemprop=\"about\">\n\t\t\t\t\t\t\t\t\t\t\t\t\t<span class=\"elementor-icon-list-text elementor-post-info__item elementor-post-info__item--type-terms\">\n\t\t\t\t\t\t\t\t\t\t<span class=\"elementor-post-info__terms-list\">\n\t\t\t\t<a href=\"https:\/\/strettodimessina.it\/web\/category\/comunicati\/\" class=\"elementor-post-info__terms-list-item\">Comunicati<\/a>\t\t\t\t<\/span>\n\t\t\t\t\t<\/span>\n\t\t\t\t\t\t\t\t<\/li>\n\t\t\t\t<\/ul>\n\t\t\t\t\t\t<\/div>\n\t\t\t\t<\/div>\n\t\t\t\t<div class=\"elementor-element elementor-element-796e160 elementor-widget elementor-widget-post-info\" data-id=\"796e160\" data-element_type=\"widget\" data-e-type=\"widget\" data-widget_type=\"post-info.default\">\n\t\t\t\t<div class=\"elementor-widget-container\">\n\t\t\t\t\t\t\t<ul class=\"elementor-inline-items elementor-icon-list-items elementor-post-info\">\n\t\t\t\t\t\t\t\t<li class=\"elementor-icon-list-item elementor-repeater-item-237fc2f elementor-inline-item\" itemprop=\"datePublished\">\n\t\t\t\t\t\t<a href=\"https:\/\/strettodimessina.it\/web\/2026\/02\/10\/\">\n\t\t\t\t\t\t\t\t\t\t\t\t\t\t<span class=\"elementor-icon-list-text elementor-post-info__item elementor-post-info__item--type-date\">\n\t\t\t\t\t\t\t\t\t\t<time>10 Febbraio, 2026<\/time>\t\t\t\t\t<\/span>\n\t\t\t\t\t\t\t\t\t<\/a>\n\t\t\t\t<\/li>\n\t\t\t\t<\/ul>\n\t\t\t\t\t\t<\/div>\n\t\t\t\t<\/div>\n\t\t\t\t<\/div>\n\t\t\t\t<\/div>\n\t\t<div class=\"elementor-element elementor-element-60b37f0 e-con-full card-footer e-flex e-con e-child\" data-id=\"60b37f0\" data-element_type=\"container\" data-e-type=\"container\">\n\t\t\t\t<div class=\"elementor-element elementor-element-a941ff2 elementor-widget elementor-widget-theme-post-title elementor-page-title elementor-widget-heading\" data-id=\"a941ff2\" data-element_type=\"widget\" data-e-type=\"widget\" data-widget_type=\"theme-post-title.default\">\n\t\t\t\t<div class=\"elementor-widget-container\">\n\t\t\t\t\t<h3 class=\"elementor-heading-title elementor-size-default\"><a href=\"https:\/\/strettodimessina.it\/web\/ponte-stretto-ad-ciucci-massimo-rispetto-per-la-corte-dei-conti\/\">PONTE STRETTO, AD CIUCCI: \u201cMASSIMO RISPETTO PER LA CORTE DEI CONTI\u201d<\/a><\/h3>\t\t\t\t<\/div>\n\t\t\t\t<\/div>\n\t\t\t\t<div class=\"elementor-element elementor-element-5ed947c elementor-widget elementor-widget-theme-post-excerpt\" data-id=\"5ed947c\" data-element_type=\"widget\" data-e-type=\"widget\" data-widget_type=\"theme-post-excerpt.default\">\n\t\t\t\t<div class=\"elementor-widget-container\">\n\t\t\t\t\t\u201cI tempi indicati, entro l\u2019estate, per l\u2019avvio della fase realizzativa del ponte sullo Stretto di Messina tengono ovviamente conto dei previsti controlli di legittimit\u00e0 della Corte dei conti, quindi...\t\t\t\t<\/div>\n\t\t\t\t<\/div>\n\t\t\t\t<\/div>\n\t\t\t\t<\/div>\n\t\t\t\t<\/div>\n\t\t\t\t<div data-elementor-type=\"loop-item\" data-elementor-id=\"20820\" class=\"elementor elementor-20820 e-loop-item e-loop-item-21131 post-21131 post type-post status-publish format-standard has-post-thumbnail hentry category-comunicati\" data-elementor-post-type=\"elementor_library\" data-custom-edit-handle=\"1\">\n\t\t\t<div class=\"elementor-element elementor-element-a7202fd e-con-full e-flex e-con e-parent\" data-id=\"a7202fd\" data-element_type=\"container\" data-e-type=\"container\">\n\t\t\t\t<div class=\"elementor-element elementor-element-d657ef1 elementor-widget elementor-widget-theme-post-featured-image elementor-widget-image\" data-id=\"d657ef1\" data-element_type=\"widget\" data-e-type=\"widget\" data-widget_type=\"theme-post-featured-image.default\">\n\t\t\t\t<div class=\"elementor-widget-container\">\n\t\t\t\t\t\t\t\t\t\t\t\t\t\t\t\t<a href=\"https:\/\/strettodimessina.it\/web\/ponte-stretto-abbiamo-il-know-how-e-siamo-pronti-a-collaborare\/\">\n\t\t\t\t\t\t\t<img loading=\"lazy\" decoding=\"async\" width=\"600\" height=\"368\" src=\"https:\/\/strettodimessina.it\/web\/wp-content\/uploads\/2026\/02\/news09-02-2026.jpg\" class=\"attachment-large size-large wp-image-21133\" alt=\"\" srcset=\"https:\/\/strettodimessina.it\/web\/wp-content\/uploads\/2026\/02\/news09-02-2026.jpg 800w, https:\/\/strettodimessina.it\/web\/wp-content\/uploads\/2026\/02\/news09-02-2026-300x184.jpg 300w, https:\/\/strettodimessina.it\/web\/wp-content\/uploads\/2026\/02\/news09-02-2026-768x470.jpg 768w, https:\/\/strettodimessina.it\/web\/wp-content\/uploads\/2026\/02\/news09-02-2026-18x12.jpg 18w, https:\/\/strettodimessina.it\/web\/wp-content\/uploads\/2026\/02\/news09-02-2026-400x245.jpg 400w, https:\/\/strettodimessina.it\/web\/wp-content\/uploads\/2026\/02\/news09-02-2026-600x368.jpg 600w\" sizes=\"auto, (max-width: 600px) 100vw, 600px\" \/>\t\t\t\t\t\t\t\t<\/a>\n\t\t\t\t\t\t\t\t\t\t\t\t\t\t\t<\/div>\n\t\t\t\t<\/div>\n\t\t<div class=\"elementor-element elementor-element-07556b3 e-con-full e-flex e-con e-child\" data-id=\"07556b3\" data-element_type=\"container\" data-e-type=\"container\">\n\t\t<div class=\"elementor-element elementor-element-82516f3 e-con-full card-footer e-flex e-con e-child\" data-id=\"82516f3\" data-element_type=\"container\" data-e-type=\"container\">\n\t\t\t\t<div class=\"elementor-element elementor-element-34217d0 elementor-widget elementor-widget-post-info\" data-id=\"34217d0\" data-element_type=\"widget\" data-e-type=\"widget\" data-widget_type=\"post-info.default\">\n\t\t\t\t<div class=\"elementor-widget-container\">\n\t\t\t\t\t\t\t<ul class=\"elementor-inline-items elementor-icon-list-items elementor-post-info\">\n\t\t\t\t\t\t\t\t<li class=\"elementor-icon-list-item elementor-repeater-item-dc90c6c elementor-inline-item\" itemprop=\"about\">\n\t\t\t\t\t\t\t\t\t\t\t\t\t<span class=\"elementor-icon-list-text elementor-post-info__item elementor-post-info__item--type-terms\">\n\t\t\t\t\t\t\t\t\t\t<span class=\"elementor-post-info__terms-list\">\n\t\t\t\t<a href=\"https:\/\/strettodimessina.it\/web\/category\/comunicati\/\" class=\"elementor-post-info__terms-list-item\">Comunicati<\/a>\t\t\t\t<\/span>\n\t\t\t\t\t<\/span>\n\t\t\t\t\t\t\t\t<\/li>\n\t\t\t\t<\/ul>\n\t\t\t\t\t\t<\/div>\n\t\t\t\t<\/div>\n\t\t\t\t<div class=\"elementor-element elementor-element-796e160 elementor-widget elementor-widget-post-info\" data-id=\"796e160\" data-element_type=\"widget\" data-e-type=\"widget\" data-widget_type=\"post-info.default\">\n\t\t\t\t<div class=\"elementor-widget-container\">\n\t\t\t\t\t\t\t<ul class=\"elementor-inline-items elementor-icon-list-items elementor-post-info\">\n\t\t\t\t\t\t\t\t<li class=\"elementor-icon-list-item elementor-repeater-item-237fc2f elementor-inline-item\" itemprop=\"datePublished\">\n\t\t\t\t\t\t<a href=\"https:\/\/strettodimessina.it\/web\/2026\/02\/09\/\">\n\t\t\t\t\t\t\t\t\t\t\t\t\t\t<span class=\"elementor-icon-list-text elementor-post-info__item elementor-post-info__item--type-date\">\n\t\t\t\t\t\t\t\t\t\t<time>9 Febbraio, 2026<\/time>\t\t\t\t\t<\/span>\n\t\t\t\t\t\t\t\t\t<\/a>\n\t\t\t\t<\/li>\n\t\t\t\t<\/ul>\n\t\t\t\t\t\t<\/div>\n\t\t\t\t<\/div>\n\t\t\t\t<\/div>\n\t\t\t\t<\/div>\n\t\t<div class=\"elementor-element elementor-element-60b37f0 e-con-full card-footer e-flex e-con e-child\" data-id=\"60b37f0\" data-element_type=\"container\" data-e-type=\"container\">\n\t\t\t\t<div class=\"elementor-element elementor-element-a941ff2 elementor-widget elementor-widget-theme-post-title elementor-page-title elementor-widget-heading\" data-id=\"a941ff2\" data-element_type=\"widget\" data-e-type=\"widget\" data-widget_type=\"theme-post-title.default\">\n\t\t\t\t<div class=\"elementor-widget-container\">\n\t\t\t\t\t<h3 class=\"elementor-heading-title elementor-size-default\"><a href=\"https:\/\/strettodimessina.it\/web\/ponte-stretto-abbiamo-il-know-how-e-siamo-pronti-a-collaborare\/\">PONTE STRETTO: ABBIAMO IL KNOW-HOW E SIAMO PRONTI A COLLABORARE<\/a><\/h3>\t\t\t\t<\/div>\n\t\t\t\t<\/div>\n\t\t\t\t<div class=\"elementor-element elementor-element-5ed947c elementor-widget elementor-widget-theme-post-excerpt\" data-id=\"5ed947c\" data-element_type=\"widget\" data-e-type=\"widget\" data-widget_type=\"theme-post-excerpt.default\">\n\t\t\t\t<div class=\"elementor-widget-container\">\n\t\t\t\t\t\"La societ\u00e0 Stretto di Messina, proseguendo nell'impegno per realizzare il Ponte sullo Stretto, \u00e8 pronta a mettere a disposizione la propria struttura tecnica e il proprio know how per collaborare...\t\t\t\t<\/div>\n\t\t\t\t<\/div>\n\t\t\t\t<\/div>\n\t\t\t\t<\/div>\n\t\t\t\t<\/div>\n\t\t\t\t<div data-elementor-type=\"loop-item\" data-elementor-id=\"20820\" class=\"elementor elementor-20820 e-loop-item e-loop-item-21064 post-21064 post type-post status-publish format-standard has-post-thumbnail hentry category-comunicati\" data-elementor-post-type=\"elementor_library\" data-custom-edit-handle=\"1\">\n\t\t\t<div class=\"elementor-element elementor-element-a7202fd e-con-full e-flex e-con e-parent\" data-id=\"a7202fd\" data-element_type=\"container\" data-e-type=\"container\">\n\t\t\t\t<div class=\"elementor-element elementor-element-d657ef1 elementor-widget elementor-widget-theme-post-featured-image elementor-widget-image\" data-id=\"d657ef1\" data-element_type=\"widget\" data-e-type=\"widget\" data-widget_type=\"theme-post-featured-image.default\">\n\t\t\t\t<div class=\"elementor-widget-container\">\n\t\t\t\t\t\t\t\t\t\t\t\t\t\t\t\t<a href=\"https:\/\/strettodimessina.it\/web\/con-la-costruzione-del-ponte-si-avra-maggiore-accessibilita-minori-costi-di-trasporto-e-effetti-positivi-sulla-produttivita\/\">\n\t\t\t\t\t\t\t<img loading=\"lazy\" decoding=\"async\" width=\"600\" height=\"368\" src=\"https:\/\/strettodimessina.it\/web\/wp-content\/uploads\/2026\/01\/SITO-SDM-19.png\" class=\"attachment-large size-large wp-image-21066\" alt=\"\" srcset=\"https:\/\/strettodimessina.it\/web\/wp-content\/uploads\/2026\/01\/SITO-SDM-19.png 800w, https:\/\/strettodimessina.it\/web\/wp-content\/uploads\/2026\/01\/SITO-SDM-19-300x184.png 300w, https:\/\/strettodimessina.it\/web\/wp-content\/uploads\/2026\/01\/SITO-SDM-19-768x470.png 768w, https:\/\/strettodimessina.it\/web\/wp-content\/uploads\/2026\/01\/SITO-SDM-19-18x12.png 18w, https:\/\/strettodimessina.it\/web\/wp-content\/uploads\/2026\/01\/SITO-SDM-19-400x245.png 400w, https:\/\/strettodimessina.it\/web\/wp-content\/uploads\/2026\/01\/SITO-SDM-19-600x368.png 600w\" sizes=\"auto, (max-width: 600px) 100vw, 600px\" \/>\t\t\t\t\t\t\t\t<\/a>\n\t\t\t\t\t\t\t\t\t\t\t\t\t\t\t<\/div>\n\t\t\t\t<\/div>\n\t\t<div class=\"elementor-element elementor-element-07556b3 e-con-full e-flex e-con e-child\" data-id=\"07556b3\" data-element_type=\"container\" data-e-type=\"container\">\n\t\t<div class=\"elementor-element elementor-element-82516f3 e-con-full card-footer e-flex e-con e-child\" data-id=\"82516f3\" data-element_type=\"container\" data-e-type=\"container\">\n\t\t\t\t<div class=\"elementor-element elementor-element-34217d0 elementor-widget elementor-widget-post-info\" data-id=\"34217d0\" data-element_type=\"widget\" data-e-type=\"widget\" data-widget_type=\"post-info.default\">\n\t\t\t\t<div class=\"elementor-widget-container\">\n\t\t\t\t\t\t\t<ul class=\"elementor-inline-items elementor-icon-list-items elementor-post-info\">\n\t\t\t\t\t\t\t\t<li class=\"elementor-icon-list-item elementor-repeater-item-dc90c6c elementor-inline-item\" itemprop=\"about\">\n\t\t\t\t\t\t\t\t\t\t\t\t\t<span class=\"elementor-icon-list-text elementor-post-info__item elementor-post-info__item--type-terms\">\n\t\t\t\t\t\t\t\t\t\t<span class=\"elementor-post-info__terms-list\">\n\t\t\t\t<a href=\"https:\/\/strettodimessina.it\/web\/category\/comunicati\/\" class=\"elementor-post-info__terms-list-item\">Comunicati<\/a>\t\t\t\t<\/span>\n\t\t\t\t\t<\/span>\n\t\t\t\t\t\t\t\t<\/li>\n\t\t\t\t<\/ul>\n\t\t\t\t\t\t<\/div>\n\t\t\t\t<\/div>\n\t\t\t\t<div class=\"elementor-element elementor-element-796e160 elementor-widget elementor-widget-post-info\" data-id=\"796e160\" data-element_type=\"widget\" data-e-type=\"widget\" data-widget_type=\"post-info.default\">\n\t\t\t\t<div class=\"elementor-widget-container\">\n\t\t\t\t\t\t\t<ul class=\"elementor-inline-items elementor-icon-list-items elementor-post-info\">\n\t\t\t\t\t\t\t\t<li class=\"elementor-icon-list-item elementor-repeater-item-237fc2f elementor-inline-item\" itemprop=\"datePublished\">\n\t\t\t\t\t\t<a href=\"https:\/\/strettodimessina.it\/web\/2026\/01\/25\/\">\n\t\t\t\t\t\t\t\t\t\t\t\t\t\t<span class=\"elementor-icon-list-text elementor-post-info__item elementor-post-info__item--type-date\">\n\t\t\t\t\t\t\t\t\t\t<time>25 Gennaio, 2026<\/time>\t\t\t\t\t<\/span>\n\t\t\t\t\t\t\t\t\t<\/a>\n\t\t\t\t<\/li>\n\t\t\t\t<\/ul>\n\t\t\t\t\t\t<\/div>\n\t\t\t\t<\/div>\n\t\t\t\t<\/div>\n\t\t\t\t<\/div>\n\t\t<div class=\"elementor-element elementor-element-60b37f0 e-con-full card-footer e-flex e-con e-child\" data-id=\"60b37f0\" data-element_type=\"container\" data-e-type=\"container\">\n\t\t\t\t<div class=\"elementor-element elementor-element-a941ff2 elementor-widget elementor-widget-theme-post-title elementor-page-title elementor-widget-heading\" data-id=\"a941ff2\" data-element_type=\"widget\" data-e-type=\"widget\" data-widget_type=\"theme-post-title.default\">\n\t\t\t\t<div class=\"elementor-widget-container\">\n\t\t\t\t\t<h3 class=\"elementor-heading-title elementor-size-default\"><a href=\"https:\/\/strettodimessina.it\/web\/con-la-costruzione-del-ponte-si-avra-maggiore-accessibilita-minori-costi-di-trasporto-e-effetti-positivi-sulla-produttivita\/\">CON LA COSTRUZIONE DEL PONTE SI AVR\u00c0 MAGGIORE ACCESSIBILIT\u00c0, MINORI COSTI DI TRASPORTO E EFFETTI POSITIVI SULLA PRODUTTIVIT\u00c0<\/a><\/h3>\t\t\t\t<\/div>\n\t\t\t\t<\/div>\n\t\t\t\t<div class=\"elementor-element elementor-element-5ed947c elementor-widget elementor-widget-theme-post-excerpt\" data-id=\"5ed947c\" data-element_type=\"widget\" data-e-type=\"widget\" data-widget_type=\"theme-post-excerpt.default\">\n\t\t\t\t<div class=\"elementor-widget-container\">\n\t\t\t\t\tStato di avanzamento e impatto socioeconomico al centro dell\u2019intervento dell\u2019Ing. Valerio Mele, Direttore Tecnico della Stretto di Messina a oggi a \u201cIdee in Movimento\u201d...\t\t\t\t<\/div>\n\t\t\t\t<\/div>\n\t\t\t\t<\/div>\n\t\t\t\t<\/div>\n\t\t\t\t<\/div>\n\t\t\t\t<div data-elementor-type=\"loop-item\" data-elementor-id=\"20820\" class=\"elementor elementor-20820 e-loop-item e-loop-item-21017 post-21017 post type-post status-publish format-standard has-post-thumbnail hentry category-comunicati\" data-elementor-post-type=\"elementor_library\" data-custom-edit-handle=\"1\">\n\t\t\t<div class=\"elementor-element elementor-element-a7202fd e-con-full e-flex e-con e-parent\" data-id=\"a7202fd\" data-element_type=\"container\" data-e-type=\"container\">\n\t\t\t\t<div class=\"elementor-element elementor-element-d657ef1 elementor-widget elementor-widget-theme-post-featured-image elementor-widget-image\" data-id=\"d657ef1\" data-element_type=\"widget\" data-e-type=\"widget\" data-widget_type=\"theme-post-featured-image.default\">\n\t\t\t\t<div class=\"elementor-widget-container\">\n\t\t\t\t\t\t\t\t\t\t\t\t\t\t\t\t<a href=\"https:\/\/strettodimessina.it\/web\/ponte-stretto-riunione-per-ripristino-e-utilizzo-del-porto-di-saline-joniche\/\">\n\t\t\t\t\t\t\t<img loading=\"lazy\" decoding=\"async\" width=\"600\" height=\"368\" src=\"https:\/\/strettodimessina.it\/web\/wp-content\/uploads\/2026\/01\/SITO-SDM-18.png\" class=\"attachment-large size-large wp-image-21019\" alt=\"\" srcset=\"https:\/\/strettodimessina.it\/web\/wp-content\/uploads\/2026\/01\/SITO-SDM-18.png 800w, https:\/\/strettodimessina.it\/web\/wp-content\/uploads\/2026\/01\/SITO-SDM-18-300x184.png 300w, https:\/\/strettodimessina.it\/web\/wp-content\/uploads\/2026\/01\/SITO-SDM-18-768x470.png 768w, https:\/\/strettodimessina.it\/web\/wp-content\/uploads\/2026\/01\/SITO-SDM-18-18x12.png 18w, https:\/\/strettodimessina.it\/web\/wp-content\/uploads\/2026\/01\/SITO-SDM-18-400x245.png 400w, https:\/\/strettodimessina.it\/web\/wp-content\/uploads\/2026\/01\/SITO-SDM-18-600x368.png 600w\" sizes=\"auto, (max-width: 600px) 100vw, 600px\" \/>\t\t\t\t\t\t\t\t<\/a>\n\t\t\t\t\t\t\t\t\t\t\t\t\t\t\t<\/div>\n\t\t\t\t<\/div>\n\t\t<div class=\"elementor-element elementor-element-07556b3 e-con-full e-flex e-con e-child\" data-id=\"07556b3\" data-element_type=\"container\" data-e-type=\"container\">\n\t\t<div class=\"elementor-element elementor-element-82516f3 e-con-full card-footer e-flex e-con e-child\" data-id=\"82516f3\" data-element_type=\"container\" data-e-type=\"container\">\n\t\t\t\t<div class=\"elementor-element elementor-element-34217d0 elementor-widget elementor-widget-post-info\" data-id=\"34217d0\" data-element_type=\"widget\" data-e-type=\"widget\" data-widget_type=\"post-info.default\">\n\t\t\t\t<div class=\"elementor-widget-container\">\n\t\t\t\t\t\t\t<ul class=\"elementor-inline-items elementor-icon-list-items elementor-post-info\">\n\t\t\t\t\t\t\t\t<li class=\"elementor-icon-list-item elementor-repeater-item-dc90c6c elementor-inline-item\" itemprop=\"about\">\n\t\t\t\t\t\t\t\t\t\t\t\t\t<span class=\"elementor-icon-list-text elementor-post-info__item elementor-post-info__item--type-terms\">\n\t\t\t\t\t\t\t\t\t\t<span class=\"elementor-post-info__terms-list\">\n\t\t\t\t<a href=\"https:\/\/strettodimessina.it\/web\/category\/comunicati\/\" class=\"elementor-post-info__terms-list-item\">Comunicati<\/a>\t\t\t\t<\/span>\n\t\t\t\t\t<\/span>\n\t\t\t\t\t\t\t\t<\/li>\n\t\t\t\t<\/ul>\n\t\t\t\t\t\t<\/div>\n\t\t\t\t<\/div>\n\t\t\t\t<div class=\"elementor-element elementor-element-796e160 elementor-widget elementor-widget-post-info\" data-id=\"796e160\" data-element_type=\"widget\" data-e-type=\"widget\" data-widget_type=\"post-info.default\">\n\t\t\t\t<div class=\"elementor-widget-container\">\n\t\t\t\t\t\t\t<ul class=\"elementor-inline-items elementor-icon-list-items elementor-post-info\">\n\t\t\t\t\t\t\t\t<li class=\"elementor-icon-list-item elementor-repeater-item-237fc2f elementor-inline-item\" itemprop=\"datePublished\">\n\t\t\t\t\t\t<a href=\"https:\/\/strettodimessina.it\/web\/2026\/01\/22\/\">\n\t\t\t\t\t\t\t\t\t\t\t\t\t\t<span class=\"elementor-icon-list-text elementor-post-info__item elementor-post-info__item--type-date\">\n\t\t\t\t\t\t\t\t\t\t<time>22 Gennaio, 2026<\/time>\t\t\t\t\t<\/span>\n\t\t\t\t\t\t\t\t\t<\/a>\n\t\t\t\t<\/li>\n\t\t\t\t<\/ul>\n\t\t\t\t\t\t<\/div>\n\t\t\t\t<\/div>\n\t\t\t\t<\/div>\n\t\t\t\t<\/div>\n\t\t<div class=\"elementor-element elementor-element-60b37f0 e-con-full card-footer e-flex e-con e-child\" data-id=\"60b37f0\" data-element_type=\"container\" data-e-type=\"container\">\n\t\t\t\t<div class=\"elementor-element elementor-element-a941ff2 elementor-widget elementor-widget-theme-post-title elementor-page-title elementor-widget-heading\" data-id=\"a941ff2\" data-element_type=\"widget\" data-e-type=\"widget\" data-widget_type=\"theme-post-title.default\">\n\t\t\t\t<div class=\"elementor-widget-container\">\n\t\t\t\t\t<h3 class=\"elementor-heading-title elementor-size-default\"><a href=\"https:\/\/strettodimessina.it\/web\/ponte-stretto-riunione-per-ripristino-e-utilizzo-del-porto-di-saline-joniche\/\">PONTE STRETTO: RIUNIONE PER RIPRISTINO E UTILIZZO DEL PORTO DI SALINE JONICHE<\/a><\/h3>\t\t\t\t<\/div>\n\t\t\t\t<\/div>\n\t\t\t\t<div class=\"elementor-element elementor-element-5ed947c elementor-widget elementor-widget-theme-post-excerpt\" data-id=\"5ed947c\" data-element_type=\"widget\" data-e-type=\"widget\" data-widget_type=\"theme-post-excerpt.default\">\n\t\t\t\t<div class=\"elementor-widget-container\">\n\t\t\t\t\tQuesta mattina, presso la sede della Capitaneria di Porto di Reggio Calabria, si \u00e8 tenuta una riunione tra il presidente dell\u2019Autorit\u00e0 di Sistema Portuale dello Stretto di Messina, Ciccio Rizzo,...\t\t\t\t<\/div>\n\t\t\t\t<\/div>\n\t\t\t\t<\/div>\n\t\t\t\t<\/div>\n\t\t\t\t<\/div>\n\t\t\t\t<div data-elementor-type=\"loop-item\" data-elementor-id=\"20820\" class=\"elementor elementor-20820 e-loop-item e-loop-item-20925 post-20925 post type-post status-publish format-standard has-post-thumbnail hentry category-avvisi\" data-elementor-post-type=\"elementor_library\" data-custom-edit-handle=\"1\">\n\t\t\t<div class=\"elementor-element elementor-element-a7202fd e-con-full e-flex e-con e-parent\" data-id=\"a7202fd\" data-element_type=\"container\" data-e-type=\"container\">\n\t\t\t\t<div class=\"elementor-element elementor-element-d657ef1 elementor-widget elementor-widget-theme-post-featured-image elementor-widget-image\" data-id=\"d657ef1\" data-element_type=\"widget\" data-e-type=\"widget\" data-widget_type=\"theme-post-featured-image.default\">\n\t\t\t\t<div class=\"elementor-widget-container\">\n\t\t\t\t\t\t\t\t\t\t\t\t\t\t\t\t<a href=\"https:\/\/strettodimessina.it\/web\/avviso-per-lattivazione-del-sistema-di-vendor-rating-di-sdm\/\">\n\t\t\t\t\t\t\t<img loading=\"lazy\" decoding=\"async\" width=\"600\" height=\"368\" src=\"https:\/\/strettodimessina.it\/web\/wp-content\/uploads\/2025\/12\/20251229_093359588_iOS.png\" class=\"attachment-large size-large wp-image-20927\" alt=\"\" srcset=\"https:\/\/strettodimessina.it\/web\/wp-content\/uploads\/2025\/12\/20251229_093359588_iOS.png 800w, https:\/\/strettodimessina.it\/web\/wp-content\/uploads\/2025\/12\/20251229_093359588_iOS-300x184.png 300w, https:\/\/strettodimessina.it\/web\/wp-content\/uploads\/2025\/12\/20251229_093359588_iOS-768x470.png 768w, https:\/\/strettodimessina.it\/web\/wp-content\/uploads\/2025\/12\/20251229_093359588_iOS-18x12.png 18w, https:\/\/strettodimessina.it\/web\/wp-content\/uploads\/2025\/12\/20251229_093359588_iOS-400x245.png 400w, https:\/\/strettodimessina.it\/web\/wp-content\/uploads\/2025\/12\/20251229_093359588_iOS-600x368.png 600w\" sizes=\"auto, (max-width: 600px) 100vw, 600px\" \/>\t\t\t\t\t\t\t\t<\/a>\n\t\t\t\t\t\t\t\t\t\t\t\t\t\t\t<\/div>\n\t\t\t\t<\/div>\n\t\t<div class=\"elementor-element elementor-element-07556b3 e-con-full e-flex e-con e-child\" data-id=\"07556b3\" data-element_type=\"container\" data-e-type=\"container\">\n\t\t<div class=\"elementor-element elementor-element-82516f3 e-con-full card-footer e-flex e-con e-child\" data-id=\"82516f3\" data-element_type=\"container\" data-e-type=\"container\">\n\t\t\t\t<div class=\"elementor-element elementor-element-34217d0 elementor-widget elementor-widget-post-info\" data-id=\"34217d0\" data-element_type=\"widget\" data-e-type=\"widget\" data-widget_type=\"post-info.default\">\n\t\t\t\t<div class=\"elementor-widget-container\">\n\t\t\t\t\t\t\t<ul class=\"elementor-inline-items elementor-icon-list-items elementor-post-info\">\n\t\t\t\t\t\t\t\t<li class=\"elementor-icon-list-item elementor-repeater-item-dc90c6c elementor-inline-item\" itemprop=\"about\">\n\t\t\t\t\t\t\t\t\t\t\t\t\t<span class=\"elementor-icon-list-text elementor-post-info__item elementor-post-info__item--type-terms\">\n\t\t\t\t\t\t\t\t\t\t<span class=\"elementor-post-info__terms-list\">\n\t\t\t\t<a href=\"https:\/\/strettodimessina.it\/web\/category\/avvisi\/\" class=\"elementor-post-info__terms-list-item\">Avvisi<\/a>\t\t\t\t<\/span>\n\t\t\t\t\t<\/span>\n\t\t\t\t\t\t\t\t<\/li>\n\t\t\t\t<\/ul>\n\t\t\t\t\t\t<\/div>\n\t\t\t\t<\/div>\n\t\t\t\t<div class=\"elementor-element elementor-element-796e160 elementor-widget elementor-widget-post-info\" data-id=\"796e160\" data-element_type=\"widget\" data-e-type=\"widget\" data-widget_type=\"post-info.default\">\n\t\t\t\t<div class=\"elementor-widget-container\">\n\t\t\t\t\t\t\t<ul class=\"elementor-inline-items elementor-icon-list-items elementor-post-info\">\n\t\t\t\t\t\t\t\t<li class=\"elementor-icon-list-item elementor-repeater-item-237fc2f elementor-inline-item\" itemprop=\"datePublished\">\n\t\t\t\t\t\t<a href=\"https:\/\/strettodimessina.it\/web\/2025\/12\/29\/\">\n\t\t\t\t\t\t\t\t\t\t\t\t\t\t<span class=\"elementor-icon-list-text elementor-post-info__item elementor-post-info__item--type-date\">\n\t\t\t\t\t\t\t\t\t\t<time>29 Dicembre, 2025<\/time>\t\t\t\t\t<\/span>\n\t\t\t\t\t\t\t\t\t<\/a>\n\t\t\t\t<\/li>\n\t\t\t\t<\/ul>\n\t\t\t\t\t\t<\/div>\n\t\t\t\t<\/div>\n\t\t\t\t<\/div>\n\t\t\t\t<\/div>\n\t\t<div class=\"elementor-element elementor-element-60b37f0 e-con-full card-footer e-flex e-con e-child\" data-id=\"60b37f0\" data-element_type=\"container\" data-e-type=\"container\">\n\t\t\t\t<div class=\"elementor-element elementor-element-a941ff2 elementor-widget elementor-widget-theme-post-title elementor-page-title elementor-widget-heading\" data-id=\"a941ff2\" data-element_type=\"widget\" data-e-type=\"widget\" data-widget_type=\"theme-post-title.default\">\n\t\t\t\t<div class=\"elementor-widget-container\">\n\t\t\t\t\t<h3 class=\"elementor-heading-title elementor-size-default\"><a href=\"https:\/\/strettodimessina.it\/web\/avviso-per-lattivazione-del-sistema-di-vendor-rating-di-sdm\/\">AVVISO PER L\u2019ATTIVAZIONE DEL SISTEMA DI VENDOR RATING DI SDM<\/a><\/h3>\t\t\t\t<\/div>\n\t\t\t\t<\/div>\n\t\t\t\t<div class=\"elementor-element elementor-element-5ed947c elementor-widget elementor-widget-theme-post-excerpt\" data-id=\"5ed947c\" data-element_type=\"widget\" data-e-type=\"widget\" data-widget_type=\"theme-post-excerpt.default\">\n\t\t\t\t<div class=\"elementor-widget-container\">\n\t\t\t\t\tStretto di Messina S.p.A. informa che, successivamente alla pubblicazione del relativo Regolamento, sar\u00e0 operativo il sistema di Vendor Rating (VR), per la valutazione delle performance...\t\t\t\t<\/div>\n\t\t\t\t<\/div>\n\t\t\t\t<\/div>\n\t\t\t\t<\/div>\n\t\t\t\t<\/div>\n\t\t\t\t<\/div>\n\t\t\n\t\t\t\t<div class=\"e-load-more-anchor\" data-page=\"1\" data-max-page=\"21\" data-next-page=\"https:\/\/strettodimessina.it\/web\/?e-page-a1f19e3=2\"><\/div>\n\t\t\t\t<nav class=\"elementor-pagination\" aria-label=\"Paginazione\">\n\t\t\t<span aria-current=\"page\" class=\"page-numbers current\"><span class=\"elementor-screen-only\">Pagina<\/span>1<\/span>\n<a class=\"page-numbers\" href=\"https:\/\/strettodimessina.it\/web\/wp-json\/wp\/v2\/pages\/16342\/?e-page-a1f19e3=2\"><span class=\"elementor-screen-only\">Pagina<\/span>2<\/a>\n<a class=\"page-numbers\" href=\"https:\/\/strettodimessina.it\/web\/wp-json\/wp\/v2\/pages\/16342\/?e-page-a1f19e3=3\"><span class=\"elementor-screen-only\">Pagina<\/span>3<\/a>\n<span class=\"page-numbers dots\">&hellip;<\/span>\n<a class=\"page-numbers\" href=\"https:\/\/strettodimessina.it\/web\/wp-json\/wp\/v2\/pages\/16342\/?e-page-a1f19e3=21\"><span class=\"elementor-screen-only\">Pagina<\/span>21<\/a>\t\t<\/nav>\n\t\t\t\t\t\t<\/div>\n\t\t\t\t<\/div>\n\t\t\t\t<\/div>\n\t\t<div class=\"elementor-element elementor-element-0f7a8c0 e-con-full e-flex e-con e-child\" data-id=\"0f7a8c0\" data-element_type=\"container\" data-e-type=\"container\" data-settings=\"{&quot;background_background&quot;:&quot;classic&quot;}\">\n\t\t\t\t<div class=\"elementor-element elementor-element-917802d elementor-widget elementor-widget-sidebar\" data-id=\"917802d\" data-element_type=\"widget\" data-e-type=\"widget\" data-widget_type=\"sidebar.default\">\n\t\t\t\t<div class=\"elementor-widget-container\">\n\t\t\t\t\t<section id=\"block-13\" class=\"widget widget_block\">\n<div class=\"wp-block-group\"><div class=\"wp-block-group__inner-container is-layout-constrained wp-block-group-is-layout-constrained\"><h2 class=\"widget-title\">CATEGORIE<\/h2><div class=\"wp-widget-group__inner-blocks\"><ul class=\"wp-block-categories-list wp-block-categories\">\t<li class=\"cat-item cat-item-49\"><a href=\"https:\/\/strettodimessina.it\/web\/category\/avvisi\/\">Avvisi<\/a> (4)\n<\/li>\n\t<li class=\"cat-item cat-item-31\"><a href=\"https:\/\/strettodimessina.it\/web\/category\/comunicati\/\">Comunicati<\/a> (98)\n<\/li>\n\t<li class=\"cat-item cat-item-45\"><a href=\"https:\/\/strettodimessina.it\/web\/category\/documenti\/\">Documenti<\/a> (3)\n<\/li>\n\t<li class=\"cat-item cat-item-70\"><a href=\"https:\/\/strettodimessina.it\/web\/en\/category\/documents\/\">Documents<\/a> (2)\n<\/li>\n\t<li class=\"cat-item cat-item-68\"><a href=\"https:\/\/strettodimessina.it\/web\/en\/category\/notices\/\">Notices<\/a> (1)\n<\/li>\n\t<li class=\"cat-item cat-item-66\"><a href=\"https:\/\/strettodimessina.it\/web\/en\/category\/press-releases\/\">Press releases<\/a> (57)\n<\/li>\n<\/ul><\/div><\/div><\/div>\n<\/section><section id=\"block-18\" class=\"widget widget_block\">\n<div style=\"height:20px\" aria-hidden=\"true\" class=\"wp-block-spacer\"><\/div>\n<\/section><section id=\"block-3\" class=\"widget widget_block\">\n<div class=\"wp-block-group\"><div class=\"wp-block-group__inner-container is-layout-flow wp-block-group-is-layout-flow\">\n<h2 class=\"wp-block-heading\" style=\"font-size:17px;text-transform:uppercase\"><bdo lang=\"it\" dir=\"ltr\"><strong>Articoli Recenti<\/strong><\/bdo><\/h2>\n\n\n<ul style=\"text-transform:uppercase;letter-spacing:0px;\" class=\"wp-block-latest-posts__list has-dates wp-block-latest-posts has-small-font-size\"><li><a class=\"wp-block-latest-posts__post-title\" href=\"https:\/\/strettodimessina.it\/web\/audizione-dellad-stretto-di-messina-pietro-ciucci-in-senato-sul-dl-n-32-commissari-straordinari-e-concessioni\/\">AUDIZIONE DELL\u2019AD STRETTO DI MESSINA PIETRO CIUCCI IN SENATO SUL DL N. 32 &#8211; COMMISSARI STRAORDINARI E CONCESSIONI<\/a><time datetime=\"2026-03-25T12:44:30+01:00\" class=\"wp-block-latest-posts__post-date\">Marzo 25, 2026<\/time><\/li>\n<li><a class=\"wp-block-latest-posts__post-title\" href=\"https:\/\/strettodimessina.it\/web\/ponte-stretto-tar-respinge-ricorsi-ambientalisti-e-comuni-di-villa-e-reggio\/\">PONTE STRETTO: TAR RESPINGE RICORSI AMBIENTALISTI E COMUNI DI VILLA E REGGIO<\/a><time datetime=\"2026-03-19T13:45:38+01:00\" class=\"wp-block-latest-posts__post-date\">Marzo 19, 2026<\/time><\/li>\n<li><a class=\"wp-block-latest-posts__post-title\" href=\"https:\/\/strettodimessina.it\/web\/ponte-stretto-presidente-recchi-senza-infrastrutture-moderne-ed-efficienti-il-paese-non-puo-essere-competitivo\/\">PONTE STRETTO, PRESIDENTE RECCHI: \u201cSENZA INFRASTRUTTURE MODERNE ED EFFICIENTI, IL PAESE NON PU\u00d2 ESSERE COMPETITIVO\u201d<\/a><time datetime=\"2026-02-12T17:16:00+01:00\" class=\"wp-block-latest-posts__post-date\">Febbraio 12, 2026<\/time><\/li>\n<li><a class=\"wp-block-latest-posts__post-title\" href=\"https:\/\/strettodimessina.it\/web\/ponte-stretto-ad-ciucci-massimo-rispetto-per-la-corte-dei-conti\/\">PONTE STRETTO, AD CIUCCI: \u201cMASSIMO RISPETTO PER LA CORTE DEI CONTI\u201d<\/a><time datetime=\"2026-02-10T09:41:15+01:00\" class=\"wp-block-latest-posts__post-date\">Febbraio 10, 2026<\/time><\/li>\n<\/ul><\/div><\/div>\n<\/section>\t\t\t\t<\/div>\n\t\t\t\t<\/div>\n\t\t\t\t<\/div>\n\t\t\t\t<\/div>\n\t\t\t\t<\/footer>\n\t\t\t\t\t\t<\/div>\n\t\t\t\t<\/div>\n\t\t\t\t<\/div>\n\t\t\t\t<\/div>\n\t\t\t\t<\/div>\n\t\t","protected":false},"excerpt":{"rendered":"","protected":false},"author":1,"featured_media":0,"parent":0,"menu_order":0,"comment_status":"closed","ping_status":"closed","template":"elementor_theme","meta":{"inline_featured_image":false,"footnotes":""},"class_list":["post-16342","page","type-page","status-publish","hentry"],"aioseo_notices":[],"_links":{"self":[{"href":"https:\/\/strettodimessina.it\/web\/wp-json\/wp\/v2\/pages\/16342","targetHints":{"allow":["GET"]}}],"collection":[{"href":"https:\/\/strettodimessina.it\/web\/wp-json\/wp\/v2\/pages"}],"about":[{"href":"https:\/\/strettodimessina.it\/web\/wp-json\/wp\/v2\/types\/page"}],"author":[{"embeddable":true,"href":"https:\/\/strettodimessina.it\/web\/wp-json\/wp\/v2\/users\/1"}],"replies":[{"embeddable":true,"href":"https:\/\/strettodimessina.it\/web\/wp-json\/wp\/v2\/comments?post=16342"}],"version-history":[{"count":10,"href":"https:\/\/strettodimessina.it\/web\/wp-json\/wp\/v2\/pages\/16342\/revisions"}],"predecessor-version":[{"id":26426,"href":"https:\/\/strettodimessina.it\/web\/wp-json\/wp\/v2\/pages\/16342\/revisions\/26426"}],"wp:attachment":[{"href":"https:\/\/strettodimessina.it\/web\/wp-json\/wp\/v2\/media?parent=16342"}],"curies":[{"name":"wp","href":"https:\/\/api.w.org\/{rel}","templated":true}]}}